{"id":2620,"date":"2025-03-25T08:40:49","date_gmt":"2025-03-25T08:40:49","guid":{"rendered":"https:\/\/woondienstregiotielt.be\/jakosc-mieszkan\/"},"modified":"2025-07-30T07:33:40","modified_gmt":"2025-07-30T07:33:40","slug":"jakosc-mieszkan","status":"publish","type":"page","link":"https:\/\/woondienstregiotielt.be\/pl\/jakosc-mieszkan\/","title":{"rendered":"jako\u015b\u0107 mieszka\u0144"},"content":{"rendered":"\t\t<div data-elementor-type=\"wp-page\" data-elementor-id=\"2620\" class=\"elementor elementor-2620 elementor-46\">\n\t\t\t\t<div class=\"has_eae_slider elementor-element elementor-element-09f126b e-flex e-con-boxed e-con e-parent\" data-eae-slider=\"19278\" data-id=\"09f126b\" data-element_type=\"container\" data-settings=\"{&quot;background_background&quot;:&quot;classic&quot;}\">\n\t\t\t\t\t<div class=\"e-con-inner\">\n\t\t<div class=\"has_eae_slider elementor-element elementor-element-bacae53 e-con-full e-flex e-con e-child\" data-eae-slider=\"94089\" data-id=\"bacae53\" data-element_type=\"container\">\n\t\t\t\t<div class=\"elementor-element elementor-element-500a59c elementor-widget elementor-widget-text-editor\" data-id=\"500a59c\" data-element_type=\"widget\" data-widget_type=\"text-editor.default\">\n\t\t\t\t<div class=\"elementor-widget-container\">\n\t\t\t\t\t\t\t\t\t<p><a href=\"https:\/\/woondienstregiotielt.be\/pl\/\">dom<\/a> \/ jako\u015b\u0107 mieszka\u0144<\/p>\t\t\t\t\t\t\t\t<\/div>\n\t\t\t\t<\/div>\n\t\t\t\t<div class=\"elementor-element elementor-element-044c91d elementor-invisible elementor-widget elementor-widget-heading\" data-id=\"044c91d\" data-element_type=\"widget\" data-settings=\"{&quot;_animation&quot;:&quot;fadeInUp&quot;}\" data-widget_type=\"heading.default\">\n\t\t\t\t<div class=\"elementor-widget-container\">\n\t\t\t\t\t<h1 class=\"elementor-heading-title elementor-size-default\">JAKO\u015a\u0106 MIESZKA\u0143<\/h1>\t\t\t\t<\/div>\n\t\t\t\t<\/div>\n\t\t\t\t<div class=\"elementor-element elementor-element-a79625e elementor-invisible elementor-widget elementor-widget-heading\" data-id=\"a79625e\" data-element_type=\"widget\" data-settings=\"{&quot;_animation&quot;:&quot;fadeInUp&quot;}\" data-widget_type=\"heading.default\">\n\t\t\t\t<div class=\"elementor-widget-container\">\n\t\t\t\t\t<h2 class=\"elementor-heading-title elementor-size-default\">Dobra jako\u015b\u0107 mieszka\u0144<\/h2>\t\t\t\t<\/div>\n\t\t\t\t<\/div>\n\t\t\t\t<div class=\"elementor-element elementor-element-0274414 elementor-invisible elementor-widget elementor-widget-text-editor\" data-id=\"0274414\" data-element_type=\"widget\" data-settings=\"{&quot;_animation&quot;:&quot;fadeInUp&quot;}\" data-widget_type=\"text-editor.default\">\n\t\t\t\t<div class=\"elementor-widget-container\">\n\t\t\t\t\t\t\t\t\t<p>Niezale\u017cnie od tego, czy jeste\u015b w\u0142a\u015bcicielem, czy najemc\u0105, ka\u017cdy korzysta ze zdrowego i bezpiecznego domu. Dom powinien by\u0107 nie tylko wysokiej jako\u015bci, ale tak\u017ce dostosowany do jego mieszka\u0144c\u00f3w. Sk\u0105d wiadomo, czy jako\u015b\u0107 mieszkania jest wystarczaj\u0105ca? Czy potrzebne s\u0105 interwencje w domu? Jako Woondienst Regio Tielt doradzamy i prowadzimy przez przepisy.      <\/p>\t\t\t\t\t\t\t\t<\/div>\n\t\t\t\t<\/div>\n\t\t\t\t<\/div>\n\t\t<div class=\"has_eae_slider elementor-element elementor-element-85d0c84 e-con-full e-flex e-con e-child\" data-eae-slider=\"23997\" data-id=\"85d0c84\" data-element_type=\"container\">\n\t\t<div class=\"has_eae_slider elementor-element elementor-element-2abfb55 e-con-full e-flex e-con e-child\" data-eae-slider=\"47074\" data-id=\"2abfb55\" data-element_type=\"container\" data-settings=\"{&quot;background_background&quot;:&quot;classic&quot;}\">\n\t\t\t\t<div class=\"elementor-element elementor-element-9bcf346 elementor-widget elementor-widget-spacer\" data-id=\"9bcf346\" data-element_type=\"widget\" data-widget_type=\"spacer.default\">\n\t\t\t\t<div class=\"elementor-widget-container\">\n\t\t\t\t\t\t\t<div class=\"elementor-spacer\">\n\t\t\t<div class=\"elementor-spacer-inner\"><\/div>\n\t\t<\/div>\n\t\t\t\t\t\t<\/div>\n\t\t\t\t<\/div>\n\t\t\t\t<\/div>\n\t\t<div class=\"has_eae_slider elementor-element elementor-element-2e30753 e-con-full elementor-hidden-mobile e-flex e-con e-child\" data-eae-slider=\"5405\" data-id=\"2e30753\" data-element_type=\"container\">\n\t\t\t\t<div class=\"elementor-element elementor-element-6142cfa elementor-widget elementor-widget-spacer\" data-id=\"6142cfa\" data-element_type=\"widget\" data-widget_type=\"spacer.default\">\n\t\t\t\t<div class=\"elementor-widget-container\">\n\t\t\t\t\t\t\t<div class=\"elementor-spacer\">\n\t\t\t<div class=\"elementor-spacer-inner\"><\/div>\n\t\t<\/div>\n\t\t\t\t\t\t<\/div>\n\t\t\t\t<\/div>\n\t\t\t\t<\/div>\n\t\t\t\t<\/div>\n\t\t\t\t\t<\/div>\n\t\t\t\t<\/div>\n\t\t<div class=\"has_eae_slider elementor-element elementor-element-fdaf811 e-flex e-con-boxed e-con e-parent\" data-eae-slider=\"77647\" data-id=\"fdaf811\" data-element_type=\"container\">\n\t\t\t\t\t<div class=\"e-con-inner\">\n\t\t<div class=\"has_eae_slider elementor-element elementor-element-21e57ba e-con-full e-flex e-con e-child\" data-eae-slider=\"37466\" data-id=\"21e57ba\" data-element_type=\"container\">\n\t\t\t\t<div class=\"elementor-element elementor-element-681b8b6 elementor-invisible elementor-widget elementor-widget-button\" data-id=\"681b8b6\" data-element_type=\"widget\" data-settings=\"{&quot;_animation&quot;:&quot;fadeInUp&quot;}\" data-widget_type=\"button.default\">\n\t\t\t\t<div class=\"elementor-widget-container\">\n\t\t\t\t\t\t\t\t\t<div class=\"elementor-button-wrapper\">\n\t\t\t\t\t<a class=\"elementor-button elementor-size-sm\" role=\"button\">\n\t\t\t\t\t\t<span class=\"elementor-button-content-wrapper\">\n\t\t\t\t\t\t\t\t\t<span class=\"elementor-button-text\">STANDARDY<\/span>\n\t\t\t\t\t<\/span>\n\t\t\t\t\t<\/a>\n\t\t\t\t<\/div>\n\t\t\t\t\t\t\t\t<\/div>\n\t\t\t\t<\/div>\n\t\t\t\t<\/div>\n\t\t<div class=\"has_eae_slider elementor-element elementor-element-a004c5d e-con-full e-flex e-con e-child\" data-eae-slider=\"52468\" data-id=\"a004c5d\" data-element_type=\"container\">\n\t\t\t\t<div class=\"elementor-element elementor-element-4797db1 elementor-invisible elementor-widget elementor-widget-heading\" data-id=\"4797db1\" data-element_type=\"widget\" data-settings=\"{&quot;_animation&quot;:&quot;fadeInUp&quot;}\" data-widget_type=\"heading.default\">\n\t\t\t\t<div class=\"elementor-widget-container\">\n\t\t\t\t\t<h3 class=\"elementor-heading-title elementor-size-default\">Flamandzkie standardy jako\u015bci mieszka\u0144<\/h3>\t\t\t\t<\/div>\n\t\t\t\t<\/div>\n\t\t<div class=\"has_eae_slider elementor-element elementor-element-7289732 e-con-full e-flex elementor-invisible e-con e-child\" data-eae-slider=\"86916\" data-id=\"7289732\" data-element_type=\"container\" data-settings=\"{&quot;background_background&quot;:&quot;classic&quot;,&quot;animation&quot;:&quot;fadeInUp&quot;}\">\n\t\t<div class=\"has_eae_slider elementor-element elementor-element-51a01ac e-con-full e-flex e-con e-child\" data-eae-slider=\"98701\" data-id=\"51a01ac\" data-element_type=\"container\">\n\t\t\t\t<div class=\"elementor-element elementor-element-e54bd58 elementor-widget elementor-widget-text-editor\" data-id=\"e54bd58\" data-element_type=\"widget\" data-widget_type=\"text-editor.default\">\n\t\t\t\t<div class=\"elementor-widget-container\">\n\t\t\t\t\t\t\t\t\t<p>Flamandzkie standardy jako\u015bci mieszka\u0144 to wymagania, kt\u00f3re musi spe\u0142nia\u0107 ka\u017cdy dom, od mieszkania po pok\u00f3j. Dzi\u0119ki naszym arkuszom jako\u015bci mieszka\u0144 mo\u017cesz samodzielnie sprawdzi\u0107, czy Tw\u00f3j dom spe\u0142nia te wymagania. Oczywi\u015bcie mo\u017cesz r\u00f3wnie\u017c um\u00f3wi\u0107 si\u0119 na spotkanie, aby wszystko razem om\u00f3wi\u0107.  <\/p>\t\t\t\t\t\t\t\t<\/div>\n\t\t\t\t<\/div>\n\t\t<div class=\"has_eae_slider elementor-element elementor-element-e2caa77 e-con-full e-flex e-con e-child\" data-eae-slider=\"18173\" data-id=\"e2caa77\" data-element_type=\"container\">\n\t\t\t\t<div class=\"elementor-element elementor-element-fcb7e69 elementor-invisible elementor-widget elementor-widget-button\" data-id=\"fcb7e69\" data-element_type=\"widget\" data-settings=\"{&quot;_animation&quot;:&quot;fadeInUp&quot;}\" data-widget_type=\"button.default\">\n\t\t\t\t<div class=\"elementor-widget-container\">\n\t\t\t\t\t\t\t\t\t<div class=\"elementor-button-wrapper\">\n\t\t\t\t\t<a class=\"elementor-button elementor-button-link elementor-size-sm\" href=\"https:\/\/woondienstregiotielt.be\/wp-content\/uploads\/2025\/04\/Fiches_Borstwering-PROD.pdf\" target=\"_blank\">\n\t\t\t\t\t\t<span class=\"elementor-button-content-wrapper\">\n\t\t\t\t\t\t\t\t\t<span class=\"elementor-button-text\">parapet<\/span>\n\t\t\t\t\t<\/span>\n\t\t\t\t\t<\/a>\n\t\t\t\t<\/div>\n\t\t\t\t\t\t\t\t<\/div>\n\t\t\t\t<\/div>\n\t\t\t\t<div class=\"elementor-element elementor-element-94993bc elementor-invisible elementor-widget elementor-widget-button\" data-id=\"94993bc\" data-element_type=\"widget\" data-settings=\"{&quot;_animation&quot;:&quot;fadeInUp&quot;}\" data-widget_type=\"button.default\">\n\t\t\t\t<div class=\"elementor-widget-container\">\n\t\t\t\t\t\t\t\t\t<div class=\"elementor-button-wrapper\">\n\t\t\t\t\t<a class=\"elementor-button elementor-button-link elementor-size-sm\" href=\"https:\/\/woondienstregiotielt.be\/wp-content\/uploads\/2025\/04\/Fiches_Dakisolatie-PROD.pdf\" target=\"_blank\">\n\t\t\t\t\t\t<span class=\"elementor-button-content-wrapper\">\n\t\t\t\t\t\t\t\t\t<span class=\"elementor-button-text\">izolacja dachu<\/span>\n\t\t\t\t\t<\/span>\n\t\t\t\t\t<\/a>\n\t\t\t\t<\/div>\n\t\t\t\t\t\t\t\t<\/div>\n\t\t\t\t<\/div>\n\t\t\t\t<div class=\"elementor-element elementor-element-d96557e elementor-invisible elementor-widget elementor-widget-button\" data-id=\"d96557e\" data-element_type=\"widget\" data-settings=\"{&quot;_animation&quot;:&quot;fadeInUp&quot;}\" data-widget_type=\"button.default\">\n\t\t\t\t<div class=\"elementor-widget-container\">\n\t\t\t\t\t\t\t\t\t<div class=\"elementor-button-wrapper\">\n\t\t\t\t\t<a class=\"elementor-button elementor-button-link elementor-size-sm\" href=\"https:\/\/woondienstregiotielt.be\/wp-content\/uploads\/2025\/04\/Fiches_ElektrischeInstallatie-PROD.pdf\" target=\"_blank\">\n\t\t\t\t\t\t<span class=\"elementor-button-content-wrapper\">\n\t\t\t\t\t\t\t\t\t<span class=\"elementor-button-text\">instalacja elektryczna<\/span>\n\t\t\t\t\t<\/span>\n\t\t\t\t\t<\/a>\n\t\t\t\t<\/div>\n\t\t\t\t\t\t\t\t<\/div>\n\t\t\t\t<\/div>\n\t\t\t\t<div class=\"elementor-element elementor-element-9d874f9 elementor-invisible elementor-widget elementor-widget-button\" data-id=\"9d874f9\" data-element_type=\"widget\" data-settings=\"{&quot;_animation&quot;:&quot;fadeInUp&quot;}\" data-widget_type=\"button.default\">\n\t\t\t\t<div class=\"elementor-widget-container\">\n\t\t\t\t\t\t\t\t\t<div class=\"elementor-button-wrapper\">\n\t\t\t\t\t<a class=\"elementor-button elementor-button-link elementor-size-sm\" href=\"https:\/\/woondienstregiotielt.be\/wp-content\/uploads\/2025\/04\/Fiches_NatuurlijkeVerlichting-PROD.pdf\" target=\"_blank\">\n\t\t\t\t\t\t<span class=\"elementor-button-content-wrapper\">\n\t\t\t\t\t\t\t\t\t<span class=\"elementor-button-text\">naturalne o\u015bwietlenie<\/span>\n\t\t\t\t\t<\/span>\n\t\t\t\t\t<\/a>\n\t\t\t\t<\/div>\n\t\t\t\t\t\t\t\t<\/div>\n\t\t\t\t<\/div>\n\t\t\t\t<div class=\"elementor-element elementor-element-f2e0650 elementor-invisible elementor-widget elementor-widget-button\" data-id=\"f2e0650\" data-element_type=\"widget\" data-settings=\"{&quot;_animation&quot;:&quot;fadeInUp&quot;}\" data-widget_type=\"button.default\">\n\t\t\t\t<div class=\"elementor-widget-container\">\n\t\t\t\t\t\t\t\t\t<div class=\"elementor-button-wrapper\">\n\t\t\t\t\t<a class=\"elementor-button elementor-button-link elementor-size-sm\" href=\"https:\/\/woondienstregiotielt.be\/wp-content\/uploads\/2025\/04\/Fiches_RamenDeuren-PROD.pdf\" target=\"_blank\">\n\t\t\t\t\t\t<span class=\"elementor-button-content-wrapper\">\n\t\t\t\t\t\t\t\t\t<span class=\"elementor-button-text\">okna i drzwi<\/span>\n\t\t\t\t\t<\/span>\n\t\t\t\t\t<\/a>\n\t\t\t\t<\/div>\n\t\t\t\t\t\t\t\t<\/div>\n\t\t\t\t<\/div>\n\t\t\t\t<div class=\"elementor-element elementor-element-a7f4db0 elementor-invisible elementor-widget elementor-widget-button\" data-id=\"a7f4db0\" data-element_type=\"widget\" data-settings=\"{&quot;_animation&quot;:&quot;fadeInUp&quot;}\" data-widget_type=\"button.default\">\n\t\t\t\t<div class=\"elementor-widget-container\">\n\t\t\t\t\t\t\t\t\t<div class=\"elementor-button-wrapper\">\n\t\t\t\t\t<a class=\"elementor-button elementor-button-link elementor-size-sm\" href=\"https:\/\/woondienstregiotielt.be\/wp-content\/uploads\/2025\/04\/Fiches_Rookmelders-PROD.pdf\" target=\"_blank\">\n\t\t\t\t\t\t<span class=\"elementor-button-content-wrapper\">\n\t\t\t\t\t\t\t\t\t<span class=\"elementor-button-text\">czujniki dymu<\/span>\n\t\t\t\t\t<\/span>\n\t\t\t\t\t<\/a>\n\t\t\t\t<\/div>\n\t\t\t\t\t\t\t\t<\/div>\n\t\t\t\t<\/div>\n\t\t\t\t<div class=\"elementor-element elementor-element-6e229f3 elementor-invisible elementor-widget elementor-widget-button\" data-id=\"6e229f3\" data-element_type=\"widget\" data-settings=\"{&quot;_animation&quot;:&quot;fadeInUp&quot;}\" data-widget_type=\"button.default\">\n\t\t\t\t<div class=\"elementor-widget-container\">\n\t\t\t\t\t\t\t\t\t<div class=\"elementor-button-wrapper\">\n\t\t\t\t\t<a class=\"elementor-button elementor-button-link elementor-size-sm\" href=\"https:\/\/woondienstregiotielt.be\/wp-content\/uploads\/2025\/04\/Fiches_Toegankelijkheid-PROD.pdf\" target=\"_blank\">\n\t\t\t\t\t\t<span class=\"elementor-button-content-wrapper\">\n\t\t\t\t\t\t\t\t\t<span class=\"elementor-button-text\">dost\u0119pno\u015b\u0107<\/span>\n\t\t\t\t\t<\/span>\n\t\t\t\t\t<\/a>\n\t\t\t\t<\/div>\n\t\t\t\t\t\t\t\t<\/div>\n\t\t\t\t<\/div>\n\t\t\t\t<div class=\"elementor-element elementor-element-12ea715 elementor-invisible elementor-widget elementor-widget-button\" data-id=\"12ea715\" data-element_type=\"widget\" data-settings=\"{&quot;_animation&quot;:&quot;fadeInUp&quot;}\" data-widget_type=\"button.default\">\n\t\t\t\t<div class=\"elementor-widget-container\">\n\t\t\t\t\t\t\t\t\t<div class=\"elementor-button-wrapper\">\n\t\t\t\t\t<a class=\"elementor-button elementor-button-link elementor-size-sm\" href=\"https:\/\/woondienstregiotielt.be\/wp-content\/uploads\/2025\/04\/Fiches_Trappen-PROD.pdf\" target=\"_blank\">\n\t\t\t\t\t\t<span class=\"elementor-button-content-wrapper\">\n\t\t\t\t\t\t\t\t\t<span class=\"elementor-button-text\">schody<\/span>\n\t\t\t\t\t<\/span>\n\t\t\t\t\t<\/a>\n\t\t\t\t<\/div>\n\t\t\t\t\t\t\t\t<\/div>\n\t\t\t\t<\/div>\n\t\t\t\t<div class=\"elementor-element elementor-element-50cb31c elementor-invisible elementor-widget elementor-widget-button\" data-id=\"50cb31c\" data-element_type=\"widget\" data-settings=\"{&quot;_animation&quot;:&quot;fadeInUp&quot;}\" data-widget_type=\"button.default\">\n\t\t\t\t<div class=\"elementor-widget-container\">\n\t\t\t\t\t\t\t\t\t<div class=\"elementor-button-wrapper\">\n\t\t\t\t\t<a class=\"elementor-button elementor-button-link elementor-size-sm\" href=\"https:\/\/woondienstregiotielt.be\/wp-content\/uploads\/2025\/04\/Fiches_Verbrandingstoestellen-PROD.pdf\" target=\"_blank\">\n\t\t\t\t\t\t<span class=\"elementor-button-content-wrapper\">\n\t\t\t\t\t\t\t\t\t<span class=\"elementor-button-text\">urz\u0105dzenia spalinowe<\/span>\n\t\t\t\t\t<\/span>\n\t\t\t\t\t<\/a>\n\t\t\t\t<\/div>\n\t\t\t\t\t\t\t\t<\/div>\n\t\t\t\t<\/div>\n\t\t\t\t<div class=\"elementor-element elementor-element-a8a497d elementor-invisible elementor-widget elementor-widget-button\" data-id=\"a8a497d\" data-element_type=\"widget\" data-settings=\"{&quot;_animation&quot;:&quot;fadeInUp&quot;}\" data-widget_type=\"button.default\">\n\t\t\t\t<div class=\"elementor-widget-container\">\n\t\t\t\t\t\t\t\t\t<div class=\"elementor-button-wrapper\">\n\t\t\t\t\t<a class=\"elementor-button elementor-button-link elementor-size-sm\" href=\"https:\/\/woondienstregiotielt.be\/wp-content\/uploads\/2025\/04\/Fiches_Verluchting-PROD.pdf\" target=\"_blank\">\n\t\t\t\t\t\t<span class=\"elementor-button-content-wrapper\">\n\t\t\t\t\t\t\t\t\t<span class=\"elementor-button-text\">wentylacja<\/span>\n\t\t\t\t\t<\/span>\n\t\t\t\t\t<\/a>\n\t\t\t\t<\/div>\n\t\t\t\t\t\t\t\t<\/div>\n\t\t\t\t<\/div>\n\t\t\t\t<div class=\"elementor-element elementor-element-f3a686c elementor-invisible elementor-widget elementor-widget-button\" data-id=\"f3a686c\" data-element_type=\"widget\" data-settings=\"{&quot;_animation&quot;:&quot;fadeInUp&quot;}\" data-widget_type=\"button.default\">\n\t\t\t\t<div class=\"elementor-widget-container\">\n\t\t\t\t\t\t\t\t\t<div class=\"elementor-button-wrapper\">\n\t\t\t\t\t<a class=\"elementor-button elementor-button-link elementor-size-sm\" href=\"#\" target=\"_blank\">\n\t\t\t\t\t\t<span class=\"elementor-button-content-wrapper\">\n\t\t\t\t\t\t\t\t\t<span class=\"elementor-button-text\">lista kontrolna<\/span>\n\t\t\t\t\t<\/span>\n\t\t\t\t\t<\/a>\n\t\t\t\t<\/div>\n\t\t\t\t\t\t\t\t<\/div>\n\t\t\t\t<\/div>\n\t\t\t\t<\/div>\n\t\t\t\t<\/div>\n\t\t\t\t<\/div>\n\t\t\t\t<\/div>\n\t\t\t\t\t<\/div>\n\t\t\t\t<\/div>\n\t\t<div class=\"has_eae_slider elementor-element elementor-element-afaf986 e-flex e-con-boxed e-con e-parent\" data-eae-slider=\"37184\" data-id=\"afaf986\" data-element_type=\"container\">\n\t\t\t\t\t<div class=\"e-con-inner\">\n\t\t<div class=\"has_eae_slider elementor-element elementor-element-8b6b677 e-con-full e-flex e-con e-child\" data-eae-slider=\"22033\" data-id=\"8b6b677\" data-element_type=\"container\">\n\t\t\t\t<div class=\"elementor-element elementor-element-4a702cd elementor-widget elementor-widget-image\" data-id=\"4a702cd\" data-element_type=\"widget\" data-widget_type=\"image.default\">\n\t\t\t\t<div class=\"elementor-widget-container\">\n\t\t\t\t\t\t\t\t\t\t\t\t\t\t\t<img decoding=\"async\" src=\"https:\/\/woondienstregiotielt.be\/wp-content\/uploads\/elementor\/thumbs\/shutterstock_2456277121-r82n6zf6axcmevmpo14x1l23xoxiuz6t8e7xoev3hg.jpg\" title=\"Concentrated,Asian,Woman,In,Safety,Helmet,,Checking,Documentation,On,Clipboard,\" alt=\"Concentrated,Asian,Woman,In,Safety,Helmet,,Checking,Documentation,On,Clipboard,\" loading=\"lazy\" \/>\t\t\t\t\t\t\t\t\t\t\t\t\t\t\t<\/div>\n\t\t\t\t<\/div>\n\t\t\t\t<\/div>\n\t\t<div class=\"has_eae_slider elementor-element elementor-element-8a61889 e-con-full e-flex e-con e-child\" data-eae-slider=\"39203\" data-id=\"8a61889\" data-element_type=\"container\" data-settings=\"{&quot;background_background&quot;:&quot;classic&quot;}\">\n\t\t\t\t<div class=\"elementor-element elementor-element-53a0cf2 elementor-invisible elementor-widget elementor-widget-heading\" data-id=\"53a0cf2\" data-element_type=\"widget\" data-settings=\"{&quot;_animation&quot;:&quot;fadeInUp&quot;}\" data-widget_type=\"heading.default\">\n\t\t\t\t<div class=\"elementor-widget-container\">\n\t\t\t\t\t<h3 class=\"elementor-heading-title elementor-size-default\">Certyfikat zgodno\u015bci<\/h3>\t\t\t\t<\/div>\n\t\t\t\t<\/div>\n\t\t\t\t<div class=\"elementor-element elementor-element-452b4b3 elementor-invisible elementor-widget elementor-widget-text-editor\" data-id=\"452b4b3\" data-element_type=\"widget\" data-settings=\"{&quot;_animation&quot;:&quot;fadeInUp&quot;}\" data-widget_type=\"text-editor.default\">\n\t\t\t\t<div class=\"elementor-widget-container\">\n\t\t\t\t\t\t\t\t\t<p>Wynajmujesz nieruchomo\u015b\u0107 lub pokoje? W takim razie potrzebujesz certyfikatu zgodno\u015bci, aby wykaza\u0107, \u017ce nieruchomo\u015b\u0107 spe\u0142nia obowi\u0105zuj\u0105ce normy. Mo\u017cesz skorzysta\u0107 z internetowego <a href=\"https:\/\/woningpas.vlaanderen.be\/web\/woningkwaliteit\" target=\"_blank\" rel=\"noopener\">przewodnika po jako\u015bci mieszka\u0144<\/a>, aby sprawdzi\u0107, czy Tw\u00f3j dom spe\u0142nia aktualne wymagania. <a href=\"https:\/\/woondienstregiotielt.be\/pl\/formularz-wniosku-certyfikat-zgodnosci\/\" target=\"_blank\" rel=\"noopener\">Wniosek<\/a> o wydanie certyfikatu zgodno\u015bci mo\u017cna z\u0142o\u017cy\u0107 za po\u015brednictwem gminy. Czy co\u015b jest niejasne lub potrzebujesz pomocy przy ubieganiu si\u0119 o certyfikat? Ch\u0119tnie pomo\u017cemy po wcze\u015bniejszym um\u00f3wieniu si\u0119.     <\/p>\t\t\t\t\t\t\t\t<\/div>\n\t\t\t\t<\/div>\n\t\t\t\t<\/div>\n\t\t\t\t\t<\/div>\n\t\t\t\t<\/div>\n\t\t<div class=\"has_eae_slider elementor-element elementor-element-8d938cd e-flex e-con-boxed e-con e-parent\" data-eae-slider=\"67034\" data-id=\"8d938cd\" data-element_type=\"container\">\n\t\t\t\t\t<div class=\"e-con-inner\">\n\t\t<div class=\"has_eae_slider elementor-element elementor-element-408a5da e-con-full e-flex e-con e-child\" data-eae-slider=\"64504\" data-id=\"408a5da\" data-element_type=\"container\">\n\t\t\t\t<div class=\"elementor-element elementor-element-5352613 elementor-widget elementor-widget-image\" data-id=\"5352613\" data-element_type=\"widget\" data-widget_type=\"image.default\">\n\t\t\t\t<div class=\"elementor-widget-container\">\n\t\t\t\t\t\t\t\t\t\t\t\t\t\t\t<img decoding=\"async\" src=\"https:\/\/woondienstregiotielt.be\/wp-content\/uploads\/elementor\/thumbs\/shutterstock_2030981510-r82mlmj70g42lunkdss3dz320i79ykedmokr42j4v8.jpg\" title=\"Dehumidifier,Rent,For,Room,Water,Damage,At,House,Or,Apartment\" alt=\"Dehumidifier,Rent,For,Room,Water,Damage,At,House,Or,Apartment\" loading=\"lazy\" \/>\t\t\t\t\t\t\t\t\t\t\t\t\t\t\t<\/div>\n\t\t\t\t<\/div>\n\t\t\t\t<\/div>\n\t\t<div class=\"has_eae_slider elementor-element elementor-element-dd5d1d9 e-con-full e-flex e-con e-child\" data-eae-slider=\"15015\" data-id=\"dd5d1d9\" data-element_type=\"container\" data-settings=\"{&quot;background_background&quot;:&quot;classic&quot;}\">\n\t\t\t\t<div class=\"elementor-element elementor-element-a15cc25 elementor-invisible elementor-widget elementor-widget-heading\" data-id=\"a15cc25\" data-element_type=\"widget\" data-settings=\"{&quot;_animation&quot;:&quot;fadeInUp&quot;}\" data-widget_type=\"heading.default\">\n\t\t\t\t<div class=\"elementor-widget-container\">\n\t\t\t\t\t<h3 class=\"elementor-heading-title elementor-size-default\">Nieodpowiednie lub nienadaj\u0105ce si\u0119 do zamieszkania mieszkanie<\/h3>\t\t\t\t<\/div>\n\t\t\t\t<\/div>\n\t\t\t\t<div class=\"elementor-element elementor-element-5564525 elementor-invisible elementor-widget elementor-widget-text-editor\" data-id=\"5564525\" data-element_type=\"widget\" data-settings=\"{&quot;_animation&quot;:&quot;fadeInUp&quot;}\" data-widget_type=\"text-editor.default\">\n\t\t\t\t<div class=\"elementor-widget-container\">\n\t\t\t\t\t\t\t\t\t<p>Jako\u015b\u0107 obudowy jest sprawdzana pod k\u0105tem minimalnych standard\u00f3w jako\u015bci. Ewentualne wady dziel\u0105 si\u0119 na powa\u017cne i drobne. Wady powa\u017cne to np. ryzyko pora\u017cenia pr\u0105dem, po\u017caru lub wybuchu; wady drugorz\u0119dne to: ograniczone uszkodzenia spowodowane wilgoci\u0105, niewystarczaj\u0105ca wentylacja, &#8230;  <\/p><p>Je\u015bli wykryta zostanie jedna powa\u017cna wada lub siedem drobnych wad, mieszkanie nie nadaje si\u0119 do zamieszkania. W przypadku powa\u017cnego zagro\u017cenia burmistrz mo\u017ce og\u0142osi\u0107, \u017ce dom nie nadaje si\u0119 do zamieszkania. Jako Woondienst Regio Tielt mo\u017cemy pom\u00f3c w badaniu jako\u015bci, mediacji z w\u0142a\u015bcicielem i poszukiwaniu nowego domu. Zapraszamy do um\u00f3wienia si\u0119 na spotkanie.   <\/p>\t\t\t\t\t\t\t\t<\/div>\n\t\t\t\t<\/div>\n\t\t<div class=\"has_eae_slider elementor-element elementor-element-40bcab6 e-con-full elementor-hidden-desktop elementor-hidden-tablet elementor-hidden-mobile e-flex e-con e-child\" data-eae-slider=\"14760\" data-id=\"40bcab6\" data-element_type=\"container\">\n\t\t\t\t<div class=\"elementor-element elementor-element-d8e3e59 elementor-invisible elementor-widget elementor-widget-button\" data-id=\"d8e3e59\" data-element_type=\"widget\" data-settings=\"{&quot;_animation&quot;:&quot;fadeInUp&quot;}\" data-widget_type=\"button.default\">\n\t\t\t\t<div class=\"elementor-widget-container\">\n\t\t\t\t\t\t\t\t\t<div class=\"elementor-button-wrapper\">\n\t\t\t\t\t<a class=\"elementor-button elementor-button-link elementor-size-sm\" href=\"#\">\n\t\t\t\t\t\t<span class=\"elementor-button-content-wrapper\">\n\t\t\t\t\t\t\t\t\t<span class=\"elementor-button-text\">um\u00f3wi\u0107 si\u0119 na spotkanie<\/span>\n\t\t\t\t\t<\/span>\n\t\t\t\t\t<\/a>\n\t\t\t\t<\/div>\n\t\t\t\t\t\t\t\t<\/div>\n\t\t\t\t<\/div>\n\t\t\t\t<\/div>\n\t\t\t\t<\/div>\n\t\t\t\t\t<\/div>\n\t\t\t\t<\/div>\n\t\t<div class=\"has_eae_slider elementor-element elementor-element-d0cf67a e-flex e-con-boxed e-con e-parent\" data-eae-slider=\"69068\" data-id=\"d0cf67a\" data-element_type=\"container\">\n\t\t\t\t\t<div class=\"e-con-inner\">\n\t\t<div class=\"has_eae_slider elementor-element elementor-element-829ac6e e-con-full e-flex elementor-invisible e-con e-child\" data-eae-slider=\"54013\" data-id=\"829ac6e\" data-element_type=\"container\" data-settings=\"{&quot;background_background&quot;:&quot;classic&quot;,&quot;animation&quot;:&quot;fadeInUp&quot;}\">\n\t\t\t\t<div class=\"elementor-element elementor-element-b478b3c elementor-invisible elementor-widget elementor-widget-spacer\" data-id=\"b478b3c\" data-element_type=\"widget\" data-settings=\"{&quot;_animation&quot;:&quot;fadeInUp&quot;}\" data-widget_type=\"spacer.default\">\n\t\t\t\t<div class=\"elementor-widget-container\">\n\t\t\t\t\t\t\t<div class=\"elementor-spacer\">\n\t\t\t<div class=\"elementor-spacer-inner\"><\/div>\n\t\t<\/div>\n\t\t\t\t\t\t<\/div>\n\t\t\t\t<\/div>\n\t\t\t\t<\/div>\n\t\t<div class=\"has_eae_slider elementor-element elementor-element-2c2d3c3 e-con-full elementor-hidden-mobile e-flex elementor-invisible e-con e-child\" data-eae-slider=\"21117\" data-id=\"2c2d3c3\" data-element_type=\"container\" data-settings=\"{&quot;background_background&quot;:&quot;classic&quot;,&quot;animation&quot;:&quot;fadeInUp&quot;,&quot;animation_delay&quot;:100}\">\n\t\t\t\t<\/div>\n\t\t<div class=\"has_eae_slider elementor-element elementor-element-54583b9 e-con-full elementor-hidden-mobile e-flex elementor-invisible e-con e-child\" data-eae-slider=\"15636\" data-id=\"54583b9\" data-element_type=\"container\" data-settings=\"{&quot;background_background&quot;:&quot;classic&quot;,&quot;animation&quot;:&quot;fadeInUp&quot;,&quot;animation_delay&quot;:200}\">\n\t\t\t\t<\/div>\n\t\t<div class=\"has_eae_slider elementor-element elementor-element-4068767 e-con-full elementor-hidden-mobile e-flex elementor-invisible e-con e-child\" data-eae-slider=\"62049\" data-id=\"4068767\" data-element_type=\"container\" data-settings=\"{&quot;background_background&quot;:&quot;classic&quot;,&quot;animation&quot;:&quot;fadeInUp&quot;,&quot;animation_delay&quot;:300}\">\n\t\t\t\t<\/div>\n\t\t\t\t\t<\/div>\n\t\t\t\t<\/div>\n\t\t<div class=\"has_eae_slider elementor-element elementor-element-c1d6240 e-flex e-con-boxed e-con e-parent\" data-eae-slider=\"36733\" data-id=\"c1d6240\" data-element_type=\"container\">\n\t\t\t\t\t<div class=\"e-con-inner\">\n\t\t<div class=\"has_eae_slider elementor-element elementor-element-7f398a9 e-con-full e-flex e-con e-child\" data-eae-slider=\"60008\" data-id=\"7f398a9\" data-element_type=\"container\" data-settings=\"{&quot;background_background&quot;:&quot;classic&quot;}\">\n\t\t<div class=\"has_eae_slider elementor-element elementor-element-a651223 e-con-full e-flex e-con e-child\" data-eae-slider=\"81106\" data-id=\"a651223\" data-element_type=\"container\">\n\t\t\t\t<div class=\"elementor-element elementor-element-577f1f1 e-transform e-transform elementor-widget elementor-widget-image\" data-id=\"577f1f1\" data-element_type=\"widget\" data-settings=\"{&quot;_transform_scale_effect_mobile&quot;:{&quot;unit&quot;:&quot;px&quot;,&quot;size&quot;:1,&quot;sizes&quot;:[]},&quot;_transform_translateX_effect&quot;:{&quot;unit&quot;:&quot;px&quot;,&quot;size&quot;:&quot;&quot;,&quot;sizes&quot;:[]},&quot;_transform_translateX_effect_tablet&quot;:{&quot;unit&quot;:&quot;px&quot;,&quot;size&quot;:&quot;&quot;,&quot;sizes&quot;:[]},&quot;_transform_translateX_effect_mobile&quot;:{&quot;unit&quot;:&quot;px&quot;,&quot;size&quot;:&quot;&quot;,&quot;sizes&quot;:[]},&quot;_transform_translateY_effect&quot;:{&quot;unit&quot;:&quot;px&quot;,&quot;size&quot;:&quot;&quot;,&quot;sizes&quot;:[]},&quot;_transform_translateY_effect_tablet&quot;:{&quot;unit&quot;:&quot;px&quot;,&quot;size&quot;:&quot;&quot;,&quot;sizes&quot;:[]},&quot;_transform_translateY_effect_mobile&quot;:{&quot;unit&quot;:&quot;px&quot;,&quot;size&quot;:&quot;&quot;,&quot;sizes&quot;:[]},&quot;_transform_scale_effect&quot;:{&quot;unit&quot;:&quot;px&quot;,&quot;size&quot;:&quot;&quot;,&quot;sizes&quot;:[]},&quot;_transform_scale_effect_tablet&quot;:{&quot;unit&quot;:&quot;px&quot;,&quot;size&quot;:&quot;&quot;,&quot;sizes&quot;:[]}}\" data-widget_type=\"image.default\">\n\t\t\t\t<div class=\"elementor-widget-container\">\n\t\t\t\t\t\t\t\t\t\t\t\t\t\t\t<img decoding=\"async\" src=\"https:\/\/woondienstregiotielt.be\/wp-content\/uploads\/elementor\/thumbs\/AdobeStock_311551422_web-r3dl8dcu8jcm8zg8hpt75ef78xm67rr25hjyvvw6e0.jpg\" title=\"Woondienst Regio Tielt\" alt=\"Woondienst Regio Tielt\" loading=\"lazy\" \/>\t\t\t\t\t\t\t\t\t\t\t\t\t\t\t<\/div>\n\t\t\t\t<\/div>\n\t\t\t\t<\/div>\n\t\t<div class=\"has_eae_slider elementor-element elementor-element-56b6054 e-con-full e-flex e-con e-child\" data-eae-slider=\"54774\" data-id=\"56b6054\" data-element_type=\"container\">\n\t\t\t\t<div class=\"elementor-element elementor-element-a74ca94 elementor-invisible elementor-widget elementor-widget-heading\" data-id=\"a74ca94\" data-element_type=\"widget\" data-settings=\"{&quot;_animation&quot;:&quot;fadeInUp&quot;}\" data-widget_type=\"heading.default\">\n\t\t\t\t<div class=\"elementor-widget-container\">\n\t\t\t\t\t<h4 class=\"elementor-heading-title elementor-size-default\">Potrzebujesz pomocy?<\/h4>\t\t\t\t<\/div>\n\t\t\t\t<\/div>\n\t\t\t\t<div class=\"elementor-element elementor-element-59ea475 elementor-invisible elementor-widget elementor-widget-text-editor\" data-id=\"59ea475\" data-element_type=\"widget\" data-settings=\"{&quot;_animation&quot;:&quot;fadeInUp&quot;}\" data-widget_type=\"text-editor.default\">\n\t\t\t\t<div class=\"elementor-widget-container\">\n\t\t\t\t\t\t\t\t\t<p>Um\u00f3w si\u0119 na spotkanie z naszym doradc\u0105 mieszkaniowym w swojej okolicy. Woondienst Regio Tielt jest otwarty dla wszystkich (przysz\u0142ych) mieszka\u0144c\u00f3w Ardooie, Dentergem, Pittem, Tielt i Wingene. Ka\u017cdy, kto wynajmuje nieruchomo\u015b\u0107 w tym regionie, jest r\u00f3wnie\u017c mile widziany.  <\/p>\t\t\t\t\t\t\t\t<\/div>\n\t\t\t\t<\/div>\n\t\t<div class=\"has_eae_slider elementor-element elementor-element-106cafd e-con-full e-flex e-con e-child\" data-eae-slider=\"21528\" data-id=\"106cafd\" data-element_type=\"container\">\n\t\t\t\t<div class=\"elementor-element elementor-element-9aeb678 elementor-invisible elementor-widget elementor-widget-button\" data-id=\"9aeb678\" data-element_type=\"widget\" data-settings=\"{&quot;_animation&quot;:&quot;fadeInUp&quot;}\" data-widget_type=\"button.default\">\n\t\t\t\t<div class=\"elementor-widget-container\">\n\t\t\t\t\t\t\t\t\t<div class=\"elementor-button-wrapper\">\n\t\t\t\t\t<a class=\"elementor-button elementor-button-link elementor-size-sm\" href=\"https:\/\/woondienstregiotielt.be\/pl\/umowic-sie-na-spotkanie\/\">\n\t\t\t\t\t\t<span class=\"elementor-button-content-wrapper\">\n\t\t\t\t\t\t\t\t\t<span class=\"elementor-button-text\">um\u00f3wi\u0107 si\u0119 na spotkanie<\/span>\n\t\t\t\t\t<\/span>\n\t\t\t\t\t<\/a>\n\t\t\t\t<\/div>\n\t\t\t\t\t\t\t\t<\/div>\n\t\t\t\t<\/div>\n\t\t\t\t<\/div>\n\t\t\t\t<\/div>\n\t\t\t\t<\/div>\n\t\t\t\t\t<\/div>\n\t\t\t\t<\/div>\n\t\t\t\t<\/div>\n\t\t","protected":false},"excerpt":{"rendered":"<p>dom \/ jako\u015b\u0107 mieszka\u0144 JAKO\u015a\u0106 MIESZKA\u0143 Dobra jako\u015b\u0107 mieszka\u0144 Niezale\u017cnie od tego, czy jeste\u015b w\u0142a\u015bcicielem, czy najemc\u0105, ka\u017cdy korzysta ze zdrowego i bezpiecznego domu. Dom powinien<span class=\"excerpt-hellip\"> [\u2026]<\/span><\/p>\n","protected":false},"author":1,"featured_media":0,"parent":0,"menu_order":0,"comment_status":"closed","ping_status":"closed","template":"elementor_header_footer","meta":{"footnotes":""},"class_list":["post-2620","page","type-page","status-publish","hentry"],"yoast_head":"<!-- This site is optimized with the Yoast SEO plugin v25.9 - https:\/\/yoast.com\/wordpress\/plugins\/seo\/ -->\n<title>jako\u015b\u0107 mieszka\u0144 - Woondienst Tielt<\/title>\n<meta name=\"robots\" content=\"index, follow, max-snippet:-1, max-image-preview:large, max-video-preview:-1\" \/>\n<link rel=\"canonical\" href=\"https:\/\/woondienstregiotielt.be\/pl\/jakosc-mieszkan\/\" \/>\n<meta property=\"og:locale\" content=\"pl_PL\" \/>\n<meta property=\"og:type\" content=\"article\" \/>\n<meta property=\"og:title\" content=\"Us\u0142ugi mieszkaniowe w regionie Tielt - Jako\u015b\u0107 mieszka\u0144\" \/>\n<meta property=\"og:description\" content=\"Niezale\u017cnie od tego, czy jeste\u015b w\u0142a\u015bcicielem, czy najemc\u0105, ka\u017cdy korzysta ze zdrowego i bezpiecznego domu. Dom powinien by\u0107 nie tylko jako\u015bciowy, ale tak\u017ce dostosowany do jego mieszka\u0144c\u00f3w. Sk\u0105d wiadomo, czy jako\u015b\u0107 mieszka\u0144 jest wystarczaj\u0105ca? Czy konieczne s\u0105 interwencje w nieruchomo\u015bci? Jako Woondienst Regio Tielt doradzamy i prowadzimy przez przepisy.\" \/>\n<meta property=\"og:url\" content=\"https:\/\/woondienstregiotielt.be\/pl\/jakosc-mieszkan\/\" \/>\n<meta property=\"og:site_name\" content=\"Woondienst Tielt\" \/>\n<meta property=\"article:modified_time\" content=\"2025-07-30T07:33:40+00:00\" \/>\n<meta property=\"og:image\" content=\"https:\/\/woondienstregiotielt.be\/wp-content\/uploads\/2025\/03\/Woondienst-regio-tielt-1024x538.png\" \/>\n<meta name=\"twitter:card\" content=\"summary_large_image\" \/>\n<meta name=\"twitter:title\" content=\"Us\u0142ugi mieszkaniowe w regionie Tielt - Jako\u015b\u0107 mieszka\u0144\" \/>\n<meta name=\"twitter:description\" content=\"Niezale\u017cnie od tego, czy jeste\u015b w\u0142a\u015bcicielem, czy wynajmujesz, ka\u017cdy czerpie korzy\u015bci ze zdrowego i bezpiecznego domu. Dom powinien by\u0107 nie tylko jako\u015bciowy, ale tak\u017ce dostosowany do jego mieszka\u0144c\u00f3w. Sk\u0105d wiadomo, czy jako\u015b\u0107 mieszka\u0144 jest wystarczaj\u0105ca? Czy konieczne s\u0105 interwencje w nieruchomo\u015bci? Jako Woondienst Regio Tielt doradzamy i prowadzimy przez przepisy.\" \/>\n<meta name=\"twitter:image\" content=\"https:\/\/woondienstregiotielt.be\/wp-content\/uploads\/2025\/03\/Woondienst-regio-tielt_X-1024x1024.png\" \/>\n<meta name=\"twitter:label1\" content=\"Szacowany czas czytania\" \/>\n\t<meta name=\"twitter:data1\" content=\"2 minuty\" \/>\n<script type=\"application\/ld+json\" class=\"yoast-schema-graph\">{\"@context\":\"https:\/\/schema.org\",\"@graph\":[{\"@type\":\"WebPage\",\"@id\":\"https:\/\/woondienstregiotielt.be\/pl\/jakosc-mieszkan\/\",\"url\":\"https:\/\/woondienstregiotielt.be\/pl\/jakosc-mieszkan\/\",\"name\":\"jako\u015b\u0107 mieszka\u0144 - Woondienst Tielt\",\"isPartOf\":{\"@id\":\"https:\/\/woondienstregiotielt.be\/pl\/#website\"},\"primaryImageOfPage\":{\"@id\":\"https:\/\/woondienstregiotielt.be\/pl\/jakosc-mieszkan\/#primaryimage\"},\"image\":{\"@id\":\"https:\/\/woondienstregiotielt.be\/pl\/jakosc-mieszkan\/#primaryimage\"},\"thumbnailUrl\":\"https:\/\/woondienstregiotielt.be\/wp-content\/uploads\/elementor\/thumbs\/shutterstock_2456277121-r82n6zf6axcmevmpo14x1l23xoxiuz6t8e7xoev3hg.jpg\",\"datePublished\":\"2025-03-25T08:40:49+00:00\",\"dateModified\":\"2025-07-30T07:33:40+00:00\",\"breadcrumb\":{\"@id\":\"https:\/\/woondienstregiotielt.be\/pl\/jakosc-mieszkan\/#breadcrumb\"},\"inLanguage\":\"pl-PL\",\"potentialAction\":[{\"@type\":\"ReadAction\",\"target\":[\"https:\/\/woondienstregiotielt.be\/pl\/jakosc-mieszkan\/\"]}]},{\"@type\":\"ImageObject\",\"inLanguage\":\"pl-PL\",\"@id\":\"https:\/\/woondienstregiotielt.be\/pl\/jakosc-mieszkan\/#primaryimage\",\"url\":\"https:\/\/woondienstregiotielt.be\/wp-content\/uploads\/elementor\/thumbs\/shutterstock_2456277121-r82n6zf6axcmevmpo14x1l23xoxiuz6t8e7xoev3hg.jpg\",\"contentUrl\":\"https:\/\/woondienstregiotielt.be\/wp-content\/uploads\/elementor\/thumbs\/shutterstock_2456277121-r82n6zf6axcmevmpo14x1l23xoxiuz6t8e7xoev3hg.jpg\"},{\"@type\":\"BreadcrumbList\",\"@id\":\"https:\/\/woondienstregiotielt.be\/pl\/jakosc-mieszkan\/#breadcrumb\",\"itemListElement\":[{\"@type\":\"ListItem\",\"position\":1,\"name\":\"Home\",\"item\":\"https:\/\/woondienstregiotielt.be\/pl\/\"},{\"@type\":\"ListItem\",\"position\":2,\"name\":\"jako\u015b\u0107 mieszka\u0144\"}]},{\"@type\":\"WebSite\",\"@id\":\"https:\/\/woondienstregiotielt.be\/pl\/#website\",\"url\":\"https:\/\/woondienstregiotielt.be\/pl\/\",\"name\":\"Woondienst Tielt\",\"description\":\"\",\"potentialAction\":[{\"@type\":\"SearchAction\",\"target\":{\"@type\":\"EntryPoint\",\"urlTemplate\":\"https:\/\/woondienstregiotielt.be\/pl\/?s={search_term_string}\"},\"query-input\":{\"@type\":\"PropertyValueSpecification\",\"valueRequired\":true,\"valueName\":\"search_term_string\"}}],\"inLanguage\":\"pl-PL\"}]}<\/script>\n<!-- \/ Yoast SEO plugin. -->","yoast_head_json":{"title":"jako\u015b\u0107 mieszka\u0144 - Woondienst Tielt","robots":{"index":"index","follow":"follow","max-snippet":"max-snippet:-1","max-image-preview":"max-image-preview:large","max-video-preview":"max-video-preview:-1"},"canonical":"https:\/\/woondienstregiotielt.be\/pl\/jakosc-mieszkan\/","og_locale":"pl_PL","og_type":"article","og_title":"Us\u0142ugi mieszkaniowe w regionie Tielt - Jako\u015b\u0107 mieszka\u0144","og_description":"Niezale\u017cnie od tego, czy jeste\u015b w\u0142a\u015bcicielem, czy najemc\u0105, ka\u017cdy korzysta ze zdrowego i bezpiecznego domu. Dom powinien by\u0107 nie tylko jako\u015bciowy, ale tak\u017ce dostosowany do jego mieszka\u0144c\u00f3w. Sk\u0105d wiadomo, czy jako\u015b\u0107 mieszka\u0144 jest wystarczaj\u0105ca? Czy konieczne s\u0105 interwencje w nieruchomo\u015bci? Jako Woondienst Regio Tielt doradzamy i prowadzimy przez przepisy.","og_url":"https:\/\/woondienstregiotielt.be\/pl\/jakosc-mieszkan\/","og_site_name":"Woondienst Tielt","article_modified_time":"2025-07-30T07:33:40+00:00","og_image":[{"url":"https:\/\/woondienstregiotielt.be\/wp-content\/uploads\/2025\/03\/Woondienst-regio-tielt-1024x538.png","type":"","width":"","height":""}],"twitter_card":"summary_large_image","twitter_title":"Us\u0142ugi mieszkaniowe w regionie Tielt - Jako\u015b\u0107 mieszka\u0144","twitter_description":"Niezale\u017cnie od tego, czy jeste\u015b w\u0142a\u015bcicielem, czy wynajmujesz, ka\u017cdy czerpie korzy\u015bci ze zdrowego i bezpiecznego domu. Dom powinien by\u0107 nie tylko jako\u015bciowy, ale tak\u017ce dostosowany do jego mieszka\u0144c\u00f3w. Sk\u0105d wiadomo, czy jako\u015b\u0107 mieszka\u0144 jest wystarczaj\u0105ca? Czy konieczne s\u0105 interwencje w nieruchomo\u015bci? Jako Woondienst Regio Tielt doradzamy i prowadzimy przez przepisy.","twitter_image":"https:\/\/woondienstregiotielt.be\/wp-content\/uploads\/2025\/03\/Woondienst-regio-tielt_X-1024x1024.png","twitter_misc":{"Szacowany czas czytania":"2 minuty"},"schema":{"@context":"https:\/\/schema.org","@graph":[{"@type":"WebPage","@id":"https:\/\/woondienstregiotielt.be\/pl\/jakosc-mieszkan\/","url":"https:\/\/woondienstregiotielt.be\/pl\/jakosc-mieszkan\/","name":"jako\u015b\u0107 mieszka\u0144 - Woondienst Tielt","isPartOf":{"@id":"https:\/\/woondienstregiotielt.be\/pl\/#website"},"primaryImageOfPage":{"@id":"https:\/\/woondienstregiotielt.be\/pl\/jakosc-mieszkan\/#primaryimage"},"image":{"@id":"https:\/\/woondienstregiotielt.be\/pl\/jakosc-mieszkan\/#primaryimage"},"thumbnailUrl":"https:\/\/woondienstregiotielt.be\/wp-content\/uploads\/elementor\/thumbs\/shutterstock_2456277121-r82n6zf6axcmevmpo14x1l23xoxiuz6t8e7xoev3hg.jpg","datePublished":"2025-03-25T08:40:49+00:00","dateModified":"2025-07-30T07:33:40+00:00","breadcrumb":{"@id":"https:\/\/woondienstregiotielt.be\/pl\/jakosc-mieszkan\/#breadcrumb"},"inLanguage":"pl-PL","potentialAction":[{"@type":"ReadAction","target":["https:\/\/woondienstregiotielt.be\/pl\/jakosc-mieszkan\/"]}]},{"@type":"ImageObject","inLanguage":"pl-PL","@id":"https:\/\/woondienstregiotielt.be\/pl\/jakosc-mieszkan\/#primaryimage","url":"https:\/\/woondienstregiotielt.be\/wp-content\/uploads\/elementor\/thumbs\/shutterstock_2456277121-r82n6zf6axcmevmpo14x1l23xoxiuz6t8e7xoev3hg.jpg","contentUrl":"https:\/\/woondienstregiotielt.be\/wp-content\/uploads\/elementor\/thumbs\/shutterstock_2456277121-r82n6zf6axcmevmpo14x1l23xoxiuz6t8e7xoev3hg.jpg"},{"@type":"BreadcrumbList","@id":"https:\/\/woondienstregiotielt.be\/pl\/jakosc-mieszkan\/#breadcrumb","itemListElement":[{"@type":"ListItem","position":1,"name":"Home","item":"https:\/\/woondienstregiotielt.be\/pl\/"},{"@type":"ListItem","position":2,"name":"jako\u015b\u0107 mieszka\u0144"}]},{"@type":"WebSite","@id":"https:\/\/woondienstregiotielt.be\/pl\/#website","url":"https:\/\/woondienstregiotielt.be\/pl\/","name":"Woondienst Tielt","description":"","potentialAction":[{"@type":"SearchAction","target":{"@type":"EntryPoint","urlTemplate":"https:\/\/woondienstregiotielt.be\/pl\/?s={search_term_string}"},"query-input":{"@type":"PropertyValueSpecification","valueRequired":true,"valueName":"search_term_string"}}],"inLanguage":"pl-PL"}]}},"_links":{"self":[{"href":"https:\/\/woondienstregiotielt.be\/pl\/wp-json\/wp\/v2\/pages\/2620","targetHints":{"allow":["GET"]}}],"collection":[{"href":"https:\/\/woondienstregiotielt.be\/pl\/wp-json\/wp\/v2\/pages"}],"about":[{"href":"https:\/\/woondienstregiotielt.be\/pl\/wp-json\/wp\/v2\/types\/page"}],"author":[{"embeddable":true,"href":"https:\/\/woondienstregiotielt.be\/pl\/wp-json\/wp\/v2\/users\/1"}],"replies":[{"embeddable":true,"href":"https:\/\/woondienstregiotielt.be\/pl\/wp-json\/wp\/v2\/comments?post=2620"}],"version-history":[{"count":3,"href":"https:\/\/woondienstregiotielt.be\/pl\/wp-json\/wp\/v2\/pages\/2620\/revisions"}],"predecessor-version":[{"id":2964,"href":"https:\/\/woondienstregiotielt.be\/pl\/wp-json\/wp\/v2\/pages\/2620\/revisions\/2964"}],"wp:attachment":[{"href":"https:\/\/woondienstregiotielt.be\/pl\/wp-json\/wp\/v2\/media?parent=2620"}],"curies":[{"name":"wp","href":"https:\/\/api.w.org\/{rel}","templated":true}]}}